{"id":42,"date":"2020-02-27T13:40:33","date_gmt":"2020-02-27T13:40:33","guid":{"rendered":"https:\/\/www.rozwojlokalny.pl\/?page_id=42"},"modified":"2020-02-27T13:58:30","modified_gmt":"2020-02-27T13:58:30","slug":"jednostki-samorzadu-terytorialnego","status":"publish","type":"page","link":"https:\/\/www.rozwojlokalny.pl\/?page_id=42","title":{"rendered":"Jednostki samorz\u0105du terytorialnego"},"content":{"rendered":"<p>Jednostki samorz\u0105du terytorialnego w Polsce s\u0105 zobowi\u0105zane do spe\u0142nienia coraz wi\u0119kszych wymog\u00f3w w zakresie szeroko pojmowanego zarz\u0105dzania na swoim terenie. W du\u017cej cz\u0119\u015bci wynika to z cz\u0142onkostwa w Unii Europejskiej, jednak\u017ce zwi\u0105zane jest tak\u017ce ze zmieniaj\u0105c\u0105 si\u0119 rzeczywisto\u015bci\u0105 spo\u0142eczno-gospodarcz\u0105 w Polsce. Zarz\u0105dzanie w samorz\u0105dzie terytorialnym obejmuje w szczeg\u00f3lno\u015bci: zarz\u0105dzanie finansami, zarz\u0105dzanie strategiczne, zarz\u0105dzanie maj\u0105tkiem, zarz\u0105dzanie ochron\u0105 \u015brodowiska, zarz\u0105dzanie zasobami ludzkimi, zarz\u0105dzanie projektami, itd.<\/p>\n<p>Pomimo szerokiej oferty r\u00f3\u017cnych instytucji i firm w zakresie szkole\u0144, doradztwa, informacji i innych typ\u00f3w wsparcia, w dalszym ci\u0105gu gminy i powiaty nie otrzymuj\u0105 kompleksowego wsparcia i opieki merytorycznej. Tworzy to w wielu przypadkach atmosfer\u0119 chaosu, szum\u00f3w informacyjnych<br \/>\ni niekompetentnego dzia\u0142ania. Dodatkowo na terenie Lubelszczyzny dzia\u0142a szereg firm spoza regionu, kt\u00f3re \u015bwiadcz\u0105c pomoc dla samorz\u0105du niejednokrotnie nie znaj\u0105 wielu r\u00f3\u017cnych uwarunkowa\u0144\u00a0i specyfiki lokalnej, co r\u00f3wnie\u017c niekorzystnie wp\u0142ywa na efektywny rozw\u00f3j i poziom zarz\u0105dzania w jednostkach samorz\u0105dowych.<\/p>\n<p>Wychodz\u0105c naprzeciw w\/w problemom <strong><u>Fundacja Centrum Rozwoju Lokalnego oraz Zak\u0142ad Samorz\u0105d\u00f3w i Polityki Lokalnej Wydzia\u0142u Politologii UMCS<\/u><\/strong> postanowi\u0142y utworzy\u0107<\/p>\n<p><strong>Lubelskie Centrum Rozwoju Samorz\u0105du Terytorialnego<\/strong><\/p>\n<p>LCRST jest instytucj\u0105, kt\u00f3ra skupia najlepszych ekspert\u00f3w z Regionu i spoza, specjalizuj\u0105cych si\u0119<br \/>\nw r\u00f3\u017cnych dziedzinach zwi\u0105zanych z funkcjonowaniem administracji samorz\u0105dowej. Kadr\u0119 przede wszystkim stanowi\u0105 wyk\u0142adowcy lubelskich uczelni, pracownicy i eksperci firm doradczych<br \/>\ni szkoleniowych, pracownicy urz\u0119d\u00f3w administracji pa\u0144stwowej i samorz\u0105dowej.<\/p>\n<p><strong>Celem g\u0142\u00f3wnym dzia\u0142alno\u015bci LCRST<\/strong> jest wspieranie rozwoju jednostek samorz\u0105du terytorialnego poprzez wdra\u017canie nowoczesnych metod zarz\u0105dzania w samorz\u0105dzie<br \/>\nw warunkach integracji europejskiej oraz pomoc doradcz\u0105 i szkoleniow\u0105 w zakresie nowoczesnej wiedzy samorz\u0105dowej.<\/p>\n<p><strong>Powy\u017cszy cel zostanie zrealizowany poprzez:<\/strong><\/p>\n<ul>\n<li>\u015awiadczenie specjalistycznego sta\u0142ego doradztwa dla samorz\u0105du;<\/li>\n<li>Organizacj\u0119 szkole\u0144 dla pracownik\u00f3w i radnych samorz\u0105dowych;<\/li>\n<li>\u015awiadczenie us\u0142ug informacji prawnej;<\/li>\n<li>Pomoc w przygotowaniu aplikacji projektowych;<\/li>\n<li>Zarz\u0105dzanie projektami w samorz\u0105dzie;<\/li>\n<li>Ewaluacja i monitoring wdra\u017canych projekt\u00f3w i plan\u00f3w;<\/li>\n<li>Opracowanie dokument\u00f3w strategicznych, planistycznych i finansowych samorz\u0105du;<\/li>\n<li>Pomoc w wykreowaniu strategii promocyjnej i marki samorz\u0105du;<\/li>\n<li>Pomoc w nawi\u0105zaniu kontakt\u00f3w z partnerami publicznymi, spo\u0142ecznymi i prywatnymi z kraju i za granicy;<\/li>\n<li>Organizacj\u0119 seminari\u00f3w i konferencji zwi\u0105zanych z tematyk\u0105 samorz\u0105du terytorialnego oraz rozwoju lokalnego i regionalnego;<\/li>\n<li>Pomoc w organizacji sta\u017cy i wolontariatu dla ludzi m\u0142odych zainteresowanych problematyk\u0105 samorz\u0105dow\u0105;<\/li>\n<li>Wydawanie i dystrybucj\u0119 comiesi\u0119cznego Lubelskiego Biuletynu Samorz\u0105dowego;<\/li>\n<li>Prowadzenie bada\u0144 i analiz zwi\u0105zanych z sytuacj\u0105 w samorz\u0105dzie terytorialnym.<\/li>\n<\/ul>\n<p><strong>Us\u0142ugi doradcze s\u0105 \u015bwiadczone w szczeg\u00f3lno\u015bci w zakresie:<\/strong><\/p>\n<ul>\n<li>Strategia Rozwoju Lokalnego Gminy (Powiatu)<\/li>\n<li>Strategia Rozwi\u0105zywania Problem\u00f3w Spo\u0142ecznych Gminy (Powiatu)<\/li>\n<li>Wdro\u017cenie Programu Odnowa wsi &#8211; Plan Odnowy Miejscowo\u015bci<\/li>\n<li>Lokalny Program Rewitalizacji<\/li>\n<li>Wieloletnia Prognoza Finansowy<\/li>\n<li>Wieloletni Plan Inwestycyjny<\/li>\n<li>Plan Promocji Gminy (Powiatu)<\/li>\n<li>Strategia Rozwoju Turystyki<\/li>\n<li>Strategia Rozwoju Kultury<\/li>\n<li>Program Ochrony \u015arodowiska<\/li>\n<li>Plan Gospodarki Odpadami<\/li>\n<li>Strategia Rozwoju Alternatywnych \u0179r\u00f3de\u0142 Energii<\/li>\n<li>Studium Wykonalno\u015bci Projektu<\/li>\n<li>Raporty Oddzia\u0142ywania na \u015arodowisko<\/li>\n<li>Opracowanie Wniosku Aplikacyjnego<\/li>\n<\/ul>\n<p><strong>Form\u0105 wsp\u00f3\u0142pracy jest tak\u017ce <\/strong><strong>coroczna umowa na aktualizacj\u0119 ca\u0142o\u015bci w\/w<\/strong> dokumentacji i opracowa\u0144. Ten typ umowy, ze wzgl\u0119du na r\u00f3\u017cnice w zawarto\u015bci merytorycznej r\u00f3\u017cnych dokument\u00f3w oraz wielko\u015b\u0107 jednostki samorz\u0105dowej jest negocjowany indywidualnie.<\/p>\n<p><strong>Us\u0142ugi szkoleniowe s\u0105 \u015bwiadczone w szczeg\u00f3lno\u015bci w zakresie:<\/strong><\/p>\n<ul>\n<li>Zarz\u0105dzania zasobami ludzkimi;<\/li>\n<li>Zam\u00f3wie\u0144 publicznych;<\/li>\n<li>Finans\u00f3w publicznych;<\/li>\n<li>Zarz\u0105dzania urz\u0119dem publicznym;<\/li>\n<li>Gospodarki komunalnej;<\/li>\n<li>Zarz\u0105dzania bud\u017cetem;<\/li>\n<li>Zarz\u0105dzania projektami\u2019<\/li>\n<li>Rozliczania projekt\u00f3w;<\/li>\n<li>Ewaluacji projekt\u00f3w;<\/li>\n<li>Zarz\u0105dzania jako\u015bci\u0105;<\/li>\n<li>Marketingu terytorialnego;<\/li>\n<li>Tworzenia ofert inwestycyjnych.<\/li>\n<\/ul>\n<p><strong>Dzia\u0142alno\u015b\u0107 Centrum jest skierowana do:<\/strong><\/p>\n<ul>\n<li>Samorz\u0105d\u00f3w gmin;<\/li>\n<li>Gminnych jednostek organizacyjnych;<\/li>\n<li>Samorz\u0105d\u00f3w powiat\u00f3w;<\/li>\n<li>Powiatowych jednostek organizacyjnych;<\/li>\n<li>Samorz\u0105d\u00f3w wojew\u00f3dzkich;<\/li>\n<li>Wojew\u00f3dzkich jednostek organizacyjnych;<\/li>\n<li>Jednostek organizacyjnych administracji rz\u0105dowej;<\/li>\n<li>Wojew\u00f3dzkich jednostek organizacyjnych.<\/li>\n<\/ul>\n<p><strong>Realizowane us\u0142ugi doradcze<\/strong><\/p>\n<p><strong>Fundacja Centrum Rozwoju Lokalnego w Lublinie<\/strong> dysponuj\u0105ca du\u017cym potencja\u0142em organizacyjnym i merytorycznym, posiadaj\u0105ca wieloletnie do\u015bwiadczenie przy opracowywaniu dokument\u00f3w strategicznych dla samorz\u0105d\u00f3w terytorialnych oraz zapewniaj\u0105ca profesjonalizm i nowoczesne proeuropejskie metody opracowa\u0144, odpowiadaj\u0105c na ogromne zapotrzebowanie rynkowe, \u00a0pragnie przedstawi\u0107 ofert\u0119<strong> poszczeg\u00f3lnych kategorii us\u0142ug doradczych dla samorz\u0105du terytorialnego:<\/strong><\/p>\n<div class=\"su-spoiler su-spoiler-style-default su-spoiler-icon-chevron-circle su-spoiler-closed\" data-scroll-offset=\"0\" data-anchor-in-url=\"no\"><div class=\"su-spoiler-title\" tabindex=\"0\" role=\"button\"><span class=\"su-spoiler-icon\"><\/span>Strategia Rozwoju Spo\u0142eczno-Gospodarczego Gminy<\/div><div class=\"su-spoiler-content su-u-clearfix su-u-trim\">&#8230;<\/div><\/div>\n<div class=\"su-spoiler su-spoiler-style-default su-spoiler-icon-chevron-circle su-spoiler-closed\" data-scroll-offset=\"0\" data-anchor-in-url=\"no\"><div class=\"su-spoiler-title\" tabindex=\"0\" role=\"button\"><span class=\"su-spoiler-icon\"><\/span>Strategia Rozwoju Spo\u0142eczno-Gospodarczego Gminy<\/div><div class=\"su-spoiler-content su-u-clearfix su-u-trim\">&#8230;<\/div><\/div>\n<div class=\"su-spoiler su-spoiler-style-default su-spoiler-icon-chevron-circle su-spoiler-closed\" data-scroll-offset=\"0\" data-anchor-in-url=\"no\"><div class=\"su-spoiler-title\" tabindex=\"0\" role=\"button\"><span class=\"su-spoiler-icon\"><\/span>Strategia Rozwi\u0105zywania Problem\u00f3w Spo\u0142ecznych Gminy<\/div><div class=\"su-spoiler-content su-u-clearfix su-u-trim\">&#8230;<\/div><\/div>\n<div class=\"su-spoiler su-spoiler-style-default su-spoiler-icon-chevron-circle su-spoiler-closed\" data-scroll-offset=\"0\" data-anchor-in-url=\"no\"><div class=\"su-spoiler-title\" tabindex=\"0\" role=\"button\"><span class=\"su-spoiler-icon\"><\/span>Zintegrowana Strategia Rozwoju Obszar\u00f3w Wiejskich<\/div><div class=\"su-spoiler-content su-u-clearfix su-u-trim\">&#8230;<\/div><\/div>\n<div class=\"su-spoiler su-spoiler-style-default su-spoiler-icon-chevron-circle su-spoiler-closed\" data-scroll-offset=\"0\" data-anchor-in-url=\"no\"><div class=\"su-spoiler-title\" tabindex=\"0\" role=\"button\"><span class=\"su-spoiler-icon\"><\/span>Plan rozwoju lokalnego<\/div><div class=\"su-spoiler-content su-u-clearfix su-u-trim\">&#8230;<\/div><\/div>\n<div class=\"su-spoiler su-spoiler-style-default su-spoiler-icon-chevron-circle su-spoiler-closed\" data-scroll-offset=\"0\" data-anchor-in-url=\"no\"><div class=\"su-spoiler-title\" tabindex=\"0\" role=\"button\"><span class=\"su-spoiler-icon\"><\/span>Wdro\u017cenie Programu Odnowa wsi - Plan Odnowy Miejscowo\u015bci<\/div><div class=\"su-spoiler-content su-u-clearfix su-u-trim\">&#8230;<\/div><\/div>\n<div class=\"su-spoiler su-spoiler-style-default su-spoiler-icon-chevron-circle su-spoiler-closed\" data-scroll-offset=\"0\" data-anchor-in-url=\"no\"><div class=\"su-spoiler-title\" tabindex=\"0\" role=\"button\"><span class=\"su-spoiler-icon\"><\/span>Lokalny Program Rewitalizacji<\/div><div class=\"su-spoiler-content su-u-clearfix su-u-trim\">&#8230;<\/div><\/div>\n<div class=\"su-spoiler su-spoiler-style-default su-spoiler-icon-chevron-circle su-spoiler-closed\" data-scroll-offset=\"0\" data-anchor-in-url=\"no\"><div class=\"su-spoiler-title\" tabindex=\"0\" role=\"button\"><span class=\"su-spoiler-icon\"><\/span>Wieloletni Plan Finansowy<\/div><div class=\"su-spoiler-content su-u-clearfix su-u-trim\">&#8230;<\/div><\/div>\n<div class=\"su-spoiler su-spoiler-style-default su-spoiler-icon-chevron-circle su-spoiler-closed\" data-scroll-offset=\"0\" data-anchor-in-url=\"no\"><div class=\"su-spoiler-title\" tabindex=\"0\" role=\"button\"><span class=\"su-spoiler-icon\"><\/span>Wieloletni Plan Inwestycyjny<\/div><div class=\"su-spoiler-content su-u-clearfix su-u-trim\">&#8230;<\/div><\/div>\n<div class=\"su-spoiler su-spoiler-style-default su-spoiler-icon-chevron-circle su-spoiler-closed\" data-scroll-offset=\"0\" data-anchor-in-url=\"no\"><div class=\"su-spoiler-title\" tabindex=\"0\" role=\"button\"><span class=\"su-spoiler-icon\"><\/span>Plan Promocji Gminy<\/div><div class=\"su-spoiler-content su-u-clearfix su-u-trim\">&#8230;<\/div><\/div>\n<div class=\"su-spoiler su-spoiler-style-default su-spoiler-icon-chevron-circle su-spoiler-closed\" data-scroll-offset=\"0\" data-anchor-in-url=\"no\"><div class=\"su-spoiler-title\" tabindex=\"0\" role=\"button\"><span class=\"su-spoiler-icon\"><\/span>Strategia Rozwoju Turystyki<\/div><div class=\"su-spoiler-content su-u-clearfix su-u-trim\">&#8230;<\/div><\/div>\n<div class=\"su-spoiler su-spoiler-style-default su-spoiler-icon-chevron-circle su-spoiler-closed\" data-scroll-offset=\"0\" data-anchor-in-url=\"no\"><div class=\"su-spoiler-title\" tabindex=\"0\" role=\"button\"><span class=\"su-spoiler-icon\"><\/span>Strategia Rozwoju Kultury<\/div><div class=\"su-spoiler-content su-u-clearfix su-u-trim\">&#8230;<\/div><\/div>\n<div class=\"su-spoiler su-spoiler-style-default su-spoiler-icon-chevron-circle su-spoiler-closed\" data-scroll-offset=\"0\" data-anchor-in-url=\"no\"><div class=\"su-spoiler-title\" tabindex=\"0\" role=\"button\"><span class=\"su-spoiler-icon\"><\/span>Program Ochrony \u015arodowiska<\/div><div class=\"su-spoiler-content su-u-clearfix su-u-trim\">&#8230;<\/div><\/div>\n<div class=\"su-spoiler su-spoiler-style-default su-spoiler-icon-chevron-circle su-spoiler-closed\" data-scroll-offset=\"0\" data-anchor-in-url=\"no\"><div class=\"su-spoiler-title\" tabindex=\"0\" role=\"button\"><span class=\"su-spoiler-icon\"><\/span>Strategia Rozwoju Alternatywnych \u0179r\u00f3de\u0142 Energii<\/div><div class=\"su-spoiler-content su-u-clearfix su-u-trim\">&#8230;<\/div><\/div>\n<div class=\"su-spoiler su-spoiler-style-default su-spoiler-icon-chevron-circle su-spoiler-closed\" data-scroll-offset=\"0\" data-anchor-in-url=\"no\"><div class=\"su-spoiler-title\" tabindex=\"0\" role=\"button\"><span class=\"su-spoiler-icon\"><\/span>Strategia Rozwoju Alternatywnych \u0179r\u00f3de\u0142 Energii<\/div><div class=\"su-spoiler-content su-u-clearfix su-u-trim\">&#8230;<\/div><\/div>\n<div class=\"su-spoiler su-spoiler-style-default su-spoiler-icon-chevron-circle su-spoiler-closed\" data-scroll-offset=\"0\" data-anchor-in-url=\"no\"><div class=\"su-spoiler-title\" tabindex=\"0\" role=\"button\"><span class=\"su-spoiler-icon\"><\/span>Strategia Rozwoju Alternatywnych \u0179r\u00f3de\u0142 Energii<\/div><div class=\"su-spoiler-content su-u-clearfix su-u-trim\">&#8230;<\/div><\/div>\n<div class=\"su-spoiler su-spoiler-style-default su-spoiler-icon-chevron-circle su-spoiler-closed\" data-scroll-offset=\"0\" data-anchor-in-url=\"no\"><div class=\"su-spoiler-title\" tabindex=\"0\" role=\"button\"><span class=\"su-spoiler-icon\"><\/span>Raporty Oddzia\u0142ywania na \u015arodowisko<\/div><div class=\"su-spoiler-content su-u-clearfix su-u-trim\">&#8230;<\/div><\/div>\n<div class=\"su-spoiler su-spoiler-style-default su-spoiler-icon-chevron-circle su-spoiler-closed\" data-scroll-offset=\"0\" data-anchor-in-url=\"no\"><div class=\"su-spoiler-title\" tabindex=\"0\" role=\"button\"><span class=\"su-spoiler-icon\"><\/span>Opracowanie Wniosku Aplikacyjnego<\/div><div class=\"su-spoiler-content su-u-clearfix su-u-trim\">&#8230;<\/div><\/div>\n<div class=\"su-spoiler su-spoiler-style-default su-spoiler-icon-chevron-circle su-spoiler-closed\" data-scroll-offset=\"0\" data-anchor-in-url=\"no\"><div class=\"su-spoiler-title\" tabindex=\"0\" role=\"button\"><span class=\"su-spoiler-icon\"><\/span>Pomoc w skutecznym wdro\u017ceniu Programu Leader<\/div><div class=\"su-spoiler-content su-u-clearfix su-u-trim\">&#8230;<\/div><\/div>\n<p>&nbsp;<\/p>\n<p>&nbsp;<\/p>\n<p>&nbsp;<\/p>\n<p>&nbsp;<\/p>\n<p>&nbsp;<\/p>\n<p>&nbsp;<\/p>\n<p>&nbsp;<\/p>\n<p>&nbsp;<\/p>\n<p>&nbsp;<\/p>\n<p>&nbsp;<\/p>\n<p>&nbsp;<\/p>\n<p>&nbsp;<\/p>\n<p>&nbsp;<\/p>\n<p>&nbsp;<\/p>\n<p>&nbsp;<\/p>\n<p>&nbsp;<\/p>\n<p>&nbsp;<\/p>\n<p>&nbsp;<\/p>\n<p>&nbsp;<\/p>\n","protected":false},"excerpt":{"rendered":"<p>Jednostki samorz\u0105du terytorialnego w Polsce s\u0105 zobowi\u0105zane do spe\u0142nienia coraz wi\u0119kszych wymog\u00f3w w zakresie szeroko pojmowanego zarz\u0105dzania na swoim terenie. W du\u017cej cz\u0119\u015bci wynika to z cz\u0142onkostwa w Unii Europejskiej, jednak\u017ce zwi\u0105zane jest tak\u017ce ze zmieniaj\u0105c\u0105 si\u0119 rzeczywisto\u015bci\u0105 spo\u0142eczno-gospodarcz\u0105 w Polsce. Zarz\u0105dzanie w samorz\u0105dzie terytorialnym obejmuje w szczeg\u00f3lno\u015bci: zarz\u0105dzanie finansami, zarz\u0105dzanie strategiczne, zarz\u0105dzanie maj\u0105tkiem, zarz\u0105dzanie &#8230; <a title=\"Jednostki samorz\u0105du terytorialnego\" class=\"read-more\" href=\"https:\/\/www.rozwojlokalny.pl\/?page_id=42\" aria-label=\"Read more about Jednostki samorz\u0105du terytorialnego\">Dowiedz si\u0119 wi\u0119cej<\/a><\/p>\n","protected":false},"author":1,"featured_media":0,"parent":35,"menu_order":0,"comment_status":"closed","ping_status":"closed","template":"","meta":{"footnotes":""},"_links":{"self":[{"href":"https:\/\/www.rozwojlokalny.pl\/index.php?rest_route=\/wp\/v2\/pages\/42"}],"collection":[{"href":"https:\/\/www.rozwojlokalny.pl\/index.php?rest_route=\/wp\/v2\/pages"}],"about":[{"href":"https:\/\/www.rozwojlokalny.pl\/index.php?rest_route=\/wp\/v2\/types\/page"}],"author":[{"embeddable":true,"href":"https:\/\/www.rozwojlokalny.pl\/index.php?rest_route=\/wp\/v2\/users\/1"}],"replies":[{"embeddable":true,"href":"https:\/\/www.rozwojlokalny.pl\/index.php?rest_route=%2Fwp%2Fv2%2Fcomments&post=42"}],"version-history":[{"count":4,"href":"https:\/\/www.rozwojlokalny.pl\/index.php?rest_route=\/wp\/v2\/pages\/42\/revisions"}],"predecessor-version":[{"id":56,"href":"https:\/\/www.rozwojlokalny.pl\/index.php?rest_route=\/wp\/v2\/pages\/42\/revisions\/56"}],"up":[{"embeddable":true,"href":"https:\/\/www.rozwojlokalny.pl\/index.php?rest_route=\/wp\/v2\/pages\/35"}],"wp:attachment":[{"href":"https:\/\/www.rozwojlokalny.pl\/index.php?rest_route=%2Fwp%2Fv2%2Fmedia&parent=42"}],"curies":[{"name":"wp","href":"https:\/\/api.w.org\/{rel}","templated":true}]}}